{"id":1063,"date":"2016-06-09T20:49:40","date_gmt":"2016-06-09T20:49:40","guid":{"rendered":"http:\/\/skvmusique.org\/?page_id=1063"},"modified":"2016-06-09T20:49:40","modified_gmt":"2016-06-09T20:49:40","slug":"banquet-2016","status":"publish","type":"page","link":"http:\/\/www.skvmusique.org\/index.php\/banquet-2016\/","title":{"rendered":"Banquet 2016"},"content":{"rendered":"<h2 style=\"text-align: center;\">3\u00e8me banquet de SKV<\/h2>\n<figure id=\"attachment_1073\" aria-describedby=\"caption-attachment-1073\" style=\"width: 215px\" class=\"wp-caption alignleft\"><a href=\"http:\/\/skvmusique.org\/wp-content\/uploads\/2016\/06\/DSC03556.jpg\"><img loading=\"lazy\" decoding=\"async\" class=\"wp-image-1073\" src=\"http:\/\/skvmusique.org\/wp-content\/uploads\/2016\/06\/DSC03556-300x225.jpg\" alt=\"Banquet SKV 2016 (photo SKV)\" width=\"215\" height=\"161\" \/><\/a><figcaption id=\"caption-attachment-1073\" class=\"wp-caption-text\">Banquet SKV 2016 (photo SKV)<\/figcaption><\/figure>\n<p style=\"text-align: justify;\">Pour la 3\u00e8me ann\u00e9e cons\u00e9cutive, SKV a organis\u00e9 son banquet de fin d\u2019ann\u00e9e le dimanche 22 mai 2016 \u00e0 l\u2019espace Plein Ciel de Saint Julien, l\u2019occasion pour tous, adh\u00e9rents et non-adh\u00e9rents, de se retrouver autour d\u2019un repas convivial.<\/p>\n<p style=\"text-align: justify;\">Comme lors <a href=\"http:\/\/skvmusique.org\/banquet-skv\/\">des \u00e9ditions pr\u00e9c\u00e9dentes<\/a>, les \u00e9l\u00e8ves de SKV ont travaill\u00e9 autour d\u2019un th\u00e8me, cette ann\u00e9e le r\u00e9pertoire des m\u00e9tiers sera \u00e0 l\u2019honneur.\u00a0 Le banquet a donc \u00e9t\u00e9 anim\u00e9 par les \u00e9l\u00e8ves de l&rsquo;association qui ont interpr\u00e9t\u00e9 les diff\u00e9rents r\u00e9pertoires travaill\u00e9s pendant l&rsquo;ann\u00e9e.<\/p>\n<h5 style=\"text-align: center;\"><span style=\"text-decoration: underline;\"><strong>Ensemble chant gallo &#8211; fl\u00fbte &#8211; violon- accord\u00e9on<\/strong><\/span><\/h5>\n<figure id=\"attachment_1069\" aria-describedby=\"caption-attachment-1069\" style=\"width: 206px\" class=\"wp-caption alignleft\"><img loading=\"lazy\" decoding=\"async\" class=\"wp-image-1069\" src=\"http:\/\/skvmusique.org\/wp-content\/uploads\/2016\/06\/DSC03547-225x300.jpg\" alt=\"Ensemble chant gallo - fl\u00fbte - violon- accord\u00e9on\" width=\"206\" height=\"275\" \/><figcaption id=\"caption-attachment-1069\" class=\"wp-caption-text\">(Photo SKV)<\/figcaption><\/figure>\n<figure id=\"attachment_1068\" aria-describedby=\"caption-attachment-1068\" style=\"width: 206px\" class=\"wp-caption alignright\"><img loading=\"lazy\" decoding=\"async\" class=\"wp-image-1068\" src=\"http:\/\/skvmusique.org\/wp-content\/uploads\/2016\/06\/DSC03546-225x300.jpg\" alt=\"Ensemble chant gallo - fl\u00fbte - violon- accord\u00e9on\" width=\"206\" height=\"275\" \/><figcaption id=\"caption-attachment-1068\" class=\"wp-caption-text\">(photo SKV)<\/figcaption><\/figure>\n<figure id=\"attachment_1067\" aria-describedby=\"caption-attachment-1067\" style=\"width: 205px\" class=\"wp-caption alignleft\"><img loading=\"lazy\" decoding=\"async\" class=\"wp-image-1067\" src=\"http:\/\/skvmusique.org\/wp-content\/uploads\/2016\/06\/DSC03545-225x300.jpg\" alt=\"Banquet 2016 : Ensemble chant gallo - fl\u00fbte - violon- accord\u00e9on\" width=\"205\" height=\"273\" \/><figcaption id=\"caption-attachment-1067\" class=\"wp-caption-text\">(photo SKV)<\/figcaption><\/figure>\n<figure id=\"attachment_1065\" aria-describedby=\"caption-attachment-1065\" style=\"width: 206px\" class=\"wp-caption alignright\"><img loading=\"lazy\" decoding=\"async\" class=\"wp-image-1065\" src=\"http:\/\/skvmusique.org\/wp-content\/uploads\/2016\/06\/DSC03543-225x300.jpg\" alt=\"Banquet 2016 : Ensemble chant gallo - fl\u00fbte - violon- accord\u00e9on\" width=\"206\" height=\"275\" \/><figcaption id=\"caption-attachment-1065\" class=\"wp-caption-text\">(photo SKV)<\/figcaption><\/figure>\n<figure id=\"attachment_1064\" aria-describedby=\"caption-attachment-1064\" style=\"width: 207px\" class=\"wp-caption alignleft\"><img loading=\"lazy\" decoding=\"async\" class=\"wp-image-1064\" src=\"http:\/\/skvmusique.org\/wp-content\/uploads\/2016\/06\/DSC03541-300x219.jpg\" alt=\"Banquet SKV 2016 : Ensemble chant gallo - fl\u00fbte - violon- accord\u00e9on\" width=\"207\" height=\"151\" \/><figcaption id=\"caption-attachment-1064\" class=\"wp-caption-text\">(photo SKV)<\/figcaption><\/figure>\n<figure id=\"attachment_1066\" aria-describedby=\"caption-attachment-1066\" style=\"width: 202px\" class=\"wp-caption alignright\"><a href=\"http:\/\/skvmusique.org\/wp-content\/uploads\/2016\/06\/DSC03544.jpg\"><img loading=\"lazy\" decoding=\"async\" class=\"wp-image-1066\" src=\"http:\/\/skvmusique.org\/wp-content\/uploads\/2016\/06\/DSC03544-300x225.jpg\" alt=\"Banquet SKV 2016 : Ensemble chant gallo - fl\u00fbte - violon- accord\u00e9on\" width=\"202\" height=\"152\" \/><\/a><figcaption id=\"caption-attachment-1066\" class=\"wp-caption-text\">(photo SKV)<\/figcaption><\/figure>\n<p>&nbsp;<\/p>\n<p><iframe loading=\"lazy\" src=\"https:\/\/www.youtube.com\/embed\/UeRTxYT0Ry4\" width=\"296\" height=\"296\" frameborder=\"0\" allowfullscreen=\"allowfullscreen\"><\/iframe><\/p>\n<h5 style=\"text-align: center;\"><span style=\"text-decoration: underline;\"><strong>Ensemble guitares<\/strong><\/span><\/h5>\n<figure id=\"attachment_1071\" aria-describedby=\"caption-attachment-1071\" style=\"width: 212px\" class=\"wp-caption alignleft\"><img loading=\"lazy\" decoding=\"async\" class=\"wp-image-1071\" src=\"http:\/\/skvmusique.org\/wp-content\/uploads\/2016\/06\/DSC03551-300x225.jpg\" alt=\"Banquet SKV 2016 : Ensemble guitares\" width=\"212\" height=\"159\" \/><figcaption id=\"caption-attachment-1071\" class=\"wp-caption-text\">(photos SKV)<\/figcaption><\/figure>\n<figure id=\"attachment_1072\" aria-describedby=\"caption-attachment-1072\" style=\"width: 211px\" class=\"wp-caption alignright\"><a href=\"http:\/\/skvmusique.org\/wp-content\/uploads\/2016\/06\/DSC03552.jpg\"><img loading=\"lazy\" decoding=\"async\" class=\"wp-image-1072 \" src=\"http:\/\/skvmusique.org\/wp-content\/uploads\/2016\/06\/DSC03552-300x225.jpg\" alt=\"Banquet SKV 2016 : Ensemble guitares\" width=\"211\" height=\"158\" \/><\/a><figcaption id=\"caption-attachment-1072\" class=\"wp-caption-text\">(photos SKV)<\/figcaption><\/figure>\n<p><img loading=\"lazy\" decoding=\"async\" class=\"wp-image-1070 size-medium alignleft\" src=\"http:\/\/skvmusique.org\/wp-content\/uploads\/2016\/06\/DSC03550-300x225.jpg\" alt=\"DSC03550\" width=\"300\" height=\"225\" \/><\/p>\n<p><iframe loading=\"lazy\" src=\"https:\/\/www.youtube.com\/embed\/L9fNVZyHYZs\" width=\"293\" height=\"293\" frameborder=\"0\" allowfullscreen=\"allowfullscreen\"><\/iframe><\/p>\n<h5 style=\"text-align: center;\"><span style=\"text-decoration: underline;\"><strong>Harpe<\/strong><\/span><\/h5>\n<p><a href=\"http:\/\/skvmusique.org\/wp-content\/uploads\/2016\/06\/DSC03557.jpg\"><img loading=\"lazy\" decoding=\"async\" class=\"wp-image-1074 aligncenter\" src=\"http:\/\/skvmusique.org\/wp-content\/uploads\/2016\/06\/DSC03557-300x225.jpg\" alt=\"DSC03557\" width=\"282\" height=\"211\" \/><\/a> <a href=\"http:\/\/skvmusique.org\/wp-content\/uploads\/2016\/06\/DSC03560.jpg\"><img loading=\"lazy\" decoding=\"async\" class=\" wp-image-1075 alignnone\" src=\"http:\/\/skvmusique.org\/wp-content\/uploads\/2016\/06\/DSC03560-225x300.jpg\" alt=\"DSC03560\" width=\"210\" height=\"280\" \/><\/a> <a href=\"http:\/\/skvmusique.org\/wp-content\/uploads\/2016\/06\/DSC03561.jpg\"><img loading=\"lazy\" decoding=\"async\" class=\"alignright wp-image-1076\" src=\"http:\/\/skvmusique.org\/wp-content\/uploads\/2016\/06\/DSC03561-225x300.jpg\" alt=\"DSC03561\" width=\"202\" height=\"269\" \/><\/a><\/p>\n<p><img loading=\"lazy\" decoding=\"async\" class=\"aligncenter wp-image-1102\" src=\"http:\/\/skvmusique.org\/wp-content\/uploads\/2016\/06\/DSC03604-300x225.jpg\" alt=\"DSC03604\" width=\"313\" height=\"235\" \/><\/p>\n<h5 style=\"text-align: center;\"><span style=\"text-decoration: underline;\"><strong>Harpe &amp; Kan ha diskan<\/strong><\/span><\/h5>\n<figure id=\"attachment_1077\" aria-describedby=\"caption-attachment-1077\" style=\"width: 208px\" class=\"wp-caption alignleft\"><img loading=\"lazy\" decoding=\"async\" class=\"wp-image-1077\" src=\"http:\/\/skvmusique.org\/wp-content\/uploads\/2016\/06\/DSC03565-300x225.jpg\" alt=\"Banquet SKV 2016 : Kan ha diskan\" width=\"208\" height=\"156\" \/><figcaption id=\"caption-attachment-1077\" class=\"wp-caption-text\">(photo SKV)<\/figcaption><\/figure>\n<figure id=\"attachment_1078\" aria-describedby=\"caption-attachment-1078\" style=\"width: 208px\" class=\"wp-caption alignright\"><img loading=\"lazy\" decoding=\"async\" class=\"wp-image-1078\" src=\"http:\/\/skvmusique.org\/wp-content\/uploads\/2016\/06\/DSC03566-300x225.jpg\" alt=\"Banquet SKV 2016 : Kan ha diskan\" width=\"208\" height=\"156\" \/><figcaption id=\"caption-attachment-1078\" class=\"wp-caption-text\">(photo SKV)<\/figcaption><\/figure>\n<figure id=\"attachment_1079\" aria-describedby=\"caption-attachment-1079\" style=\"width: 208px\" class=\"wp-caption alignleft\"><img loading=\"lazy\" decoding=\"async\" class=\"wp-image-1079\" src=\"http:\/\/skvmusique.org\/wp-content\/uploads\/2016\/06\/DSC03567-225x300.jpg\" alt=\"Banquet SKV 2016 : Kan ha diskan\" width=\"208\" height=\"277\" \/><figcaption id=\"caption-attachment-1079\" class=\"wp-caption-text\">(photo SKV)<\/figcaption><\/figure>\n<p>&nbsp;<\/p>\n<p>&nbsp;<\/p>\n<p>&nbsp;<\/p>\n<figure id=\"attachment_1080\" aria-describedby=\"caption-attachment-1080\" style=\"width: 208px\" class=\"wp-caption alignright\"><img loading=\"lazy\" decoding=\"async\" class=\"wp-image-1080\" src=\"http:\/\/skvmusique.org\/wp-content\/uploads\/2016\/06\/DSC03568-225x300.jpg\" alt=\"Banquet SKV 2016 : Kan ha diskan\" width=\"208\" height=\"277\" \/><figcaption id=\"caption-attachment-1080\" class=\"wp-caption-text\">(photos SKV)<\/figcaption><\/figure>\n<p>&nbsp;<\/p>\n<p>&nbsp;<\/p>\n<p>&nbsp;<\/p>\n<figure id=\"attachment_1092\" aria-describedby=\"caption-attachment-1092\" style=\"width: 241px\" class=\"wp-caption alignleft\"><img loading=\"lazy\" decoding=\"async\" class=\"wp-image-1092\" src=\"http:\/\/skvmusique.org\/wp-content\/uploads\/2016\/06\/DSC03587-300x225.jpg\" alt=\"\" width=\"241\" height=\"181\" \/><figcaption id=\"caption-attachment-1092\" class=\"wp-caption-text\">(photo SKV)<\/figcaption><\/figure>\n<p><a href=\"http:\/\/skvmusique.org\/wp-content\/uploads\/2016\/06\/DSC03588.jpg\"><br \/>\n<img loading=\"lazy\" decoding=\"async\" class=\"alignright wp-image-1093\" src=\"http:\/\/skvmusique.org\/wp-content\/uploads\/2016\/06\/DSC03588-225x300.jpg\" alt=\"(photo SKV)\" width=\"137\" height=\"183\" \/><\/a><iframe loading=\"lazy\" src=\"https:\/\/www.youtube.com\/embed\/njYQ2_0UDfc\" width=\"280\" height=\"280\" frameborder=\"0\" allowfullscreen=\"allowfullscreen\"><\/iframe><\/p>\n<h5 style=\"text-align: center;\"><span style=\"text-decoration: underline;\"><strong>Atelier fl\u00fbte &#8211; guitare &#8211; violon<\/strong><\/span><\/h5>\n<p><a href=\"http:\/\/skvmusique.org\/wp-content\/uploads\/2016\/06\/DSC03583.jpg\"><img loading=\"lazy\" decoding=\"async\" class=\"aligncenter wp-image-1089\" src=\"http:\/\/skvmusique.org\/wp-content\/uploads\/2016\/06\/DSC03583-300x138.jpg\" alt=\"DSC03583\" width=\"363\" height=\"167\" \/><\/a><\/p>\n<p><a href=\"http:\/\/skvmusique.org\/wp-content\/uploads\/2016\/06\/DSC03570.jpg\"><img loading=\"lazy\" decoding=\"async\" class=\"wp-image-1081 aligncenter\" src=\"http:\/\/skvmusique.org\/wp-content\/uploads\/2016\/06\/DSC03570-300x179.jpg\" alt=\"DSC03570\" width=\"299\" height=\"178\" \/><\/a><\/p>\n<p><a href=\"http:\/\/skvmusique.org\/wp-content\/uploads\/2016\/06\/DSC03574.jpg\"><img loading=\"lazy\" decoding=\"async\" class=\"wp-image-1084 alignleft\" src=\"http:\/\/skvmusique.org\/wp-content\/uploads\/2016\/06\/DSC03574-300x225.jpg\" alt=\"DSC03574\" width=\"193\" height=\"144\" \/><\/a> <a href=\"http:\/\/skvmusique.org\/wp-content\/uploads\/2016\/06\/DSC03576.jpg\"><img loading=\"lazy\" decoding=\"async\" class=\"wp-image-1085 alignright\" src=\"http:\/\/skvmusique.org\/wp-content\/uploads\/2016\/06\/DSC03576-300x225.jpg\" alt=\"DSC03576\" width=\"195\" height=\"146\" \/><\/a> <a href=\"http:\/\/skvmusique.org\/wp-content\/uploads\/2016\/06\/DSC03577.jpg\"><img loading=\"lazy\" decoding=\"async\" class=\" wp-image-1086 alignleft\" src=\"http:\/\/skvmusique.org\/wp-content\/uploads\/2016\/06\/DSC03577-225x300.jpg\" alt=\"DSC03577\" width=\"186\" height=\"247\" \/><\/a><\/p>\n<p><a href=\"http:\/\/skvmusique.org\/wp-content\/uploads\/2016\/06\/DSC03573.jpg\"><img loading=\"lazy\" decoding=\"async\" class=\"wp-image-1083 alignright\" src=\"http:\/\/skvmusique.org\/wp-content\/uploads\/2016\/06\/DSC03573-225x300.jpg\" alt=\"DSC03573\" width=\"189\" height=\"252\" \/><\/a><a href=\"http:\/\/skvmusique.org\/wp-content\/uploads\/2016\/06\/DSC03571.jpg\"><img loading=\"lazy\" decoding=\"async\" class=\" wp-image-1082 alignleft\" src=\"http:\/\/skvmusique.org\/wp-content\/uploads\/2016\/06\/DSC03571-288x300.jpg\" alt=\"DSC03571\" width=\"201\" height=\"209\" \/><\/a><a href=\"http:\/\/skvmusique.org\/wp-content\/uploads\/2016\/06\/DSC03584.jpg\"><br \/>\n<\/a><\/p>\n<p><a href=\"http:\/\/skvmusique.org\/wp-content\/uploads\/2016\/06\/DSC03578.jpg\"><img loading=\"lazy\" decoding=\"async\" class=\"wp-image-1087 alignright\" src=\"http:\/\/skvmusique.org\/wp-content\/uploads\/2016\/06\/DSC03578-225x300.jpg\" alt=\"DSC03578\" width=\"156\" height=\"208\" \/><\/a><\/p>\n<p>&nbsp;<\/p>\n<p>&nbsp;<\/p>\n<p>&nbsp;<\/p>\n<p>&nbsp;<\/p>\n<p>&nbsp;<\/p>\n<p>&nbsp;<\/p>\n<p>&nbsp;<\/p>\n<p><a href=\"http:\/\/skvmusique.org\/wp-content\/uploads\/2016\/06\/DSC03586.jpg\"><img loading=\"lazy\" decoding=\"async\" class=\"aligncenter wp-image-1091\" src=\"http:\/\/skvmusique.org\/wp-content\/uploads\/2016\/06\/DSC03586-300x213.jpg\" alt=\"DSC03586\" width=\"323\" height=\"229\" \/><\/a><\/p>\n<p><a href=\"http:\/\/skvmusique.org\/wp-content\/uploads\/2016\/06\/DSC03584.jpg\"><img loading=\"lazy\" decoding=\"async\" class=\"wp-image-1090 alignleft\" src=\"http:\/\/skvmusique.org\/wp-content\/uploads\/2016\/06\/DSC03584-300x225.jpg\" alt=\"DSC03584\" width=\"210\" height=\"158\" \/><\/a> <a href=\"http:\/\/skvmusique.org\/wp-content\/uploads\/2016\/06\/DSC03580.jpg\"><img loading=\"lazy\" decoding=\"async\" class=\"wp-image-1088 alignright\" src=\"http:\/\/skvmusique.org\/wp-content\/uploads\/2016\/06\/DSC03580-300x225.jpg\" alt=\"DSC03580\" width=\"212\" height=\"158\" \/><\/a><\/p>\n<p>&nbsp;<\/p>\n<p><iframe loading=\"lazy\" src=\"https:\/\/www.youtube.com\/embed\/uY-OihP5gXU\" width=\"311\" height=\"311\" frameborder=\"0\" allowfullscreen=\"allowfullscreen\"><\/iframe><\/p>\n<p style=\"text-align: center;\"><span style=\"text-decoration: underline;\"><strong>Biniou &#8211; Bombarde<\/strong><\/span><\/p>\n<p><a href=\"http:\/\/skvmusique.org\/wp-content\/uploads\/2016\/06\/DSC03607.jpg\"><img loading=\"lazy\" decoding=\"async\" class=\"wp-image-1104 aligncenter\" src=\"http:\/\/skvmusique.org\/wp-content\/uploads\/2016\/06\/DSC03607-300x198.jpg\" alt=\"DSC03607\" width=\"299\" height=\"198\" \/><\/a><\/p>\n<p><a href=\"http:\/\/skvmusique.org\/wp-content\/uploads\/2016\/06\/DSC036091.jpg\"><img loading=\"lazy\" decoding=\"async\" class=\"aligncenter wp-image-1126 size-medium\" src=\"http:\/\/skvmusique.org\/wp-content\/uploads\/2016\/06\/DSC036091-300x225.jpg\" alt=\"DSC03609\" width=\"300\" height=\"225\" \/><\/a><\/p>\n<p><a href=\"http:\/\/skvmusique.org\/wp-content\/uploads\/2016\/06\/DSC03610.jpg\"><img loading=\"lazy\" decoding=\"async\" class=\"aligncenter wp-image-1106\" src=\"http:\/\/skvmusique.org\/wp-content\/uploads\/2016\/06\/DSC03610-300x103.jpg\" alt=\"DSC03610\" width=\"364\" height=\"125\" \/><\/a><\/p>\n<h5 style=\"text-align: center;\"><span style=\"text-decoration: underline;\">Chant gallo &#8211; fl\u00fbte &#8211; violon<\/span><\/h5>\n<p><a href=\"http:\/\/skvmusique.org\/wp-content\/uploads\/2016\/06\/DSC03601.jpg\"><img loading=\"lazy\" decoding=\"async\" class=\"size-medium wp-image-1100 alignright\" src=\"http:\/\/skvmusique.org\/wp-content\/uploads\/2016\/06\/DSC03601-300x187.jpg\" alt=\"DSC03601\" width=\"300\" height=\"187\" \/><\/a><br \/>\n<iframe loading=\"lazy\" src=\"https:\/\/www.youtube.com\/embed\/zYzR9vNaDbQ\" width=\"328\" height=\"328\" frameborder=\"0\" allowfullscreen=\"allowfullscreen\"><\/iframe><\/p>\n<h5 style=\"text-align: center;\"><span style=\"text-decoration: underline;\"><strong>Accord\u00e9on<\/strong><\/span><\/h5>\n<figure id=\"attachment_1108\" aria-describedby=\"caption-attachment-1108\" style=\"width: 234px\" class=\"wp-caption alignright\"><img loading=\"lazy\" decoding=\"async\" class=\"wp-image-1108\" src=\"http:\/\/skvmusique.org\/wp-content\/uploads\/2016\/06\/DSC03613-300x293.jpg\" alt=\"Banquet SKV 2016 : accord\u00e9on\" width=\"234\" height=\"229\" \/><figcaption id=\"caption-attachment-1108\" class=\"wp-caption-text\">(photo SKV)<\/figcaption><\/figure>\n<figure id=\"attachment_1110\" aria-describedby=\"caption-attachment-1110\" style=\"width: 175px\" class=\"wp-caption alignnone\"><img loading=\"lazy\" decoding=\"async\" class=\"wp-image-1110\" src=\"http:\/\/skvmusique.org\/wp-content\/uploads\/2016\/06\/DSC03615-171x300.jpg\" alt=\"Banquet SKV 2016 : accord\u00e9on\" width=\"175\" height=\"307\" \/><figcaption id=\"caption-attachment-1110\" class=\"wp-caption-text\">(photo SKV)<\/figcaption><\/figure>\n<figure id=\"attachment_1099\" aria-describedby=\"caption-attachment-1099\" style=\"width: 198px\" class=\"wp-caption alignright\"><img loading=\"lazy\" decoding=\"async\" class=\"wp-image-1099\" src=\"http:\/\/skvmusique.org\/wp-content\/uploads\/2016\/06\/DSC03599-225x300.jpg\" alt=\"Banquet SKV 2016 : accord\u00e9on\" width=\"198\" height=\"264\" \/><figcaption id=\"caption-attachment-1099\" class=\"wp-caption-text\">(photo SKV)<\/figcaption><\/figure>\n<figure id=\"attachment_1098\" aria-describedby=\"caption-attachment-1098\" style=\"width: 192px\" class=\"wp-caption alignleft\"><img loading=\"lazy\" decoding=\"async\" class=\"wp-image-1098\" src=\"http:\/\/skvmusique.org\/wp-content\/uploads\/2016\/06\/DSC03598-225x300.jpg\" alt=\"Banquet SKV 2016 : accord\u00e9on\" width=\"192\" height=\"256\" \/><figcaption id=\"caption-attachment-1098\" class=\"wp-caption-text\">(photo SKV)<\/figcaption><\/figure>\n<figure id=\"attachment_1095\" aria-describedby=\"caption-attachment-1095\" style=\"width: 188px\" class=\"wp-caption alignleft\"><a href=\"http:\/\/skvmusique.org\/wp-content\/uploads\/2016\/06\/DSC03593.jpg\"><img loading=\"lazy\" decoding=\"async\" class=\"wp-image-1095\" src=\"http:\/\/skvmusique.org\/wp-content\/uploads\/2016\/06\/DSC03593-225x300.jpg\" alt=\"Banquet SKV 2016 : accord\u00e9on\" width=\"188\" height=\"251\" \/><\/a><figcaption id=\"caption-attachment-1095\" class=\"wp-caption-text\">(photo SKV)<\/figcaption><\/figure>\n<p>&nbsp;<\/p>\n<p>&nbsp;<\/p>\n<p>&nbsp;<\/p>\n<p>&nbsp;<\/p>\n<figure id=\"attachment_1096\" aria-describedby=\"caption-attachment-1096\" style=\"width: 186px\" class=\"wp-caption alignright\"><img loading=\"lazy\" decoding=\"async\" class=\"wp-image-1096\" src=\"http:\/\/skvmusique.org\/wp-content\/uploads\/2016\/06\/DSC03594-225x300.jpg\" alt=\"Banquet SKV 2016 accord\u00e9on\" width=\"186\" height=\"248\" \/><figcaption id=\"caption-attachment-1096\" class=\"wp-caption-text\">(photo SKV)<\/figcaption><\/figure>\n<figure id=\"attachment_1107\" aria-describedby=\"caption-attachment-1107\" style=\"width: 211px\" class=\"wp-caption alignleft\"><a href=\"http:\/\/skvmusique.org\/wp-content\/uploads\/2016\/06\/DSC03612.jpg\"><img loading=\"lazy\" decoding=\"async\" class=\"wp-image-1107\" src=\"http:\/\/skvmusique.org\/wp-content\/uploads\/2016\/06\/DSC03612-300x225.jpg\" alt=\"Banquet SKV 2016 : accord\u00e9on\" width=\"211\" height=\"158\" \/><\/a><figcaption id=\"caption-attachment-1107\" class=\"wp-caption-text\">(photo SKV)<\/figcaption><\/figure>\n<figure id=\"attachment_1097\" aria-describedby=\"caption-attachment-1097\" style=\"width: 210px\" class=\"wp-caption alignright\"><img loading=\"lazy\" decoding=\"async\" class=\"wp-image-1097\" src=\"http:\/\/skvmusique.org\/wp-content\/uploads\/2016\/06\/DSC03595-300x225.jpg\" alt=\"Banquet SKV 2016 : accord\u00e9on\" width=\"210\" height=\"157\" \/><figcaption id=\"caption-attachment-1097\" class=\"wp-caption-text\">(photo SKV)<\/figcaption><\/figure>\n<figure id=\"attachment_1111\" aria-describedby=\"caption-attachment-1111\" style=\"width: 300px\" class=\"wp-caption aligncenter\"><img loading=\"lazy\" decoding=\"async\" class=\"wp-image-1111 size-medium\" src=\"http:\/\/skvmusique.org\/wp-content\/uploads\/2016\/06\/DSC03617-300x225.jpg\" alt=\"Banquet SKV 2016 : accord\u00e9on\" width=\"300\" height=\"225\" \/><figcaption id=\"caption-attachment-1111\" class=\"wp-caption-text\">(Photo SKV)<\/figcaption><\/figure>\n<p><iframe loading=\"lazy\" src=\"https:\/\/www.youtube.com\/embed\/KoSe4r192lI\" width=\"305\" height=\"305\" frameborder=\"0\" allowfullscreen=\"allowfullscreen\"><\/iframe><\/p>\n","protected":false},"excerpt":{"rendered":"<p>3\u00e8me banquet de SKV Pour la 3\u00e8me ann\u00e9e cons\u00e9cutive, SKV a organis\u00e9 son banquet de fin d\u2019ann\u00e9e le dimanche 22 mai 2016 \u00e0 l\u2019espace Plein Ciel de Saint Julien, l\u2019occasion pour tous, adh\u00e9rents et non-adh\u00e9rents, de se retrouver autour d\u2019un repas convivial. Comme lors des \u00e9ditions pr\u00e9c\u00e9dentes, les \u00e9l\u00e8ves de SKV ont travaill\u00e9 autour d\u2019un &hellip; <a href=\"http:\/\/www.skvmusique.org\/index.php\/banquet-2016\/\" class=\"more-link\">Continuer la lecture de <span class=\"screen-reader-text\">Banquet 2016<\/span><\/a><\/p>\n","protected":false},"author":1,"featured_media":0,"parent":0,"menu_order":0,"comment_status":"closed","ping_status":"closed","template":"","meta":{"footnotes":""},"class_list":["post-1063","page","type-page","status-publish","hentry"],"yoast_head":"<!-- This site is optimized with the Yoast SEO plugin v25.9 - https:\/\/yoast.com\/wordpress\/plugins\/seo\/ -->\n<title>Banquet 2016 - SKV Ecole de musique traditionnelle \u00e0 Saint Brieuc<\/title>\n<meta name=\"description\" content=\"Banquet 2016 Images du 3\u00e8me banquet SKV organis\u00e9 le dimanche 22 mai 2016 \u00e0 Saint Julien (22)\" \/>\n<meta name=\"robots\" content=\"index, follow, max-snippet:-1, max-image-preview:large, max-video-preview:-1\" \/>\n<link rel=\"canonical\" href=\"http:\/\/www.skvmusique.org\/index.php\/banquet-2016\/\" \/>\n<meta property=\"og:locale\" content=\"fr_FR\" \/>\n<meta property=\"og:type\" content=\"article\" \/>\n<meta property=\"og:title\" content=\"Images du Banquet 2016 de KV\" \/>\n<meta property=\"og:description\" content=\"Retrouvez toutes les photos et vid\u00e9os du 3\u00e8me banquet de fin d&#039;ann\u00e9e organis\u00e9 par SKV, \u00e9cole de musique traditionnelle de St Brieuc, le dimanche 22 mai \u00e0 Saint Julien.\" \/>\n<meta property=\"og:url\" content=\"http:\/\/www.skvmusique.org\/index.php\/banquet-2016\/\" \/>\n<meta property=\"og:site_name\" content=\"SKV Ecole de musique traditionnelle \u00e0 Saint Brieuc\" \/>\n<meta property=\"og:image\" content=\"http:\/\/skvmusique.org\/wp-content\/uploads\/2016\/06\/DSC03583.jpg\" \/>\n<meta name=\"twitter:card\" content=\"summary_large_image\" \/>\n<meta name=\"twitter:label1\" content=\"Dur\u00e9e de lecture estim\u00e9e\" \/>\n\t<meta name=\"twitter:data1\" content=\"2 minutes\" \/>\n<script type=\"application\/ld+json\" class=\"yoast-schema-graph\">{\"@context\":\"https:\/\/schema.org\",\"@graph\":[{\"@type\":\"WebPage\",\"@id\":\"http:\/\/www.skvmusique.org\/index.php\/banquet-2016\/\",\"url\":\"http:\/\/www.skvmusique.org\/index.php\/banquet-2016\/\",\"name\":\"Banquet 2016 - SKV Ecole de musique traditionnelle \u00e0 Saint Brieuc\",\"isPartOf\":{\"@id\":\"http:\/\/www.skvmusique.org\/#website\"},\"primaryImageOfPage\":{\"@id\":\"http:\/\/www.skvmusique.org\/index.php\/banquet-2016\/#primaryimage\"},\"image\":{\"@id\":\"http:\/\/www.skvmusique.org\/index.php\/banquet-2016\/#primaryimage\"},\"thumbnailUrl\":\"http:\/\/skvmusique.org\/wp-content\/uploads\/2016\/06\/DSC03556-300x225.jpg\",\"datePublished\":\"2016-06-09T20:49:40+00:00\",\"description\":\"Banquet 2016 Images du 3\u00e8me banquet SKV organis\u00e9 le dimanche 22 mai 2016 \u00e0 Saint Julien (22)\",\"breadcrumb\":{\"@id\":\"http:\/\/www.skvmusique.org\/index.php\/banquet-2016\/#breadcrumb\"},\"inLanguage\":\"fr-FR\",\"potentialAction\":[{\"@type\":\"ReadAction\",\"target\":[\"http:\/\/www.skvmusique.org\/index.php\/banquet-2016\/\"]}]},{\"@type\":\"ImageObject\",\"inLanguage\":\"fr-FR\",\"@id\":\"http:\/\/www.skvmusique.org\/index.php\/banquet-2016\/#primaryimage\",\"url\":\"http:\/\/skvmusique.org\/wp-content\/uploads\/2016\/06\/DSC03556-300x225.jpg\",\"contentUrl\":\"http:\/\/skvmusique.org\/wp-content\/uploads\/2016\/06\/DSC03556-300x225.jpg\"},{\"@type\":\"BreadcrumbList\",\"@id\":\"http:\/\/www.skvmusique.org\/index.php\/banquet-2016\/#breadcrumb\",\"itemListElement\":[{\"@type\":\"ListItem\",\"position\":1,\"name\":\"Accueil\",\"item\":\"http:\/\/www.skvmusique.org\/\"},{\"@type\":\"ListItem\",\"position\":2,\"name\":\"Banquet 2016\"}]},{\"@type\":\"WebSite\",\"@id\":\"http:\/\/www.skvmusique.org\/#website\",\"url\":\"http:\/\/www.skvmusique.org\/\",\"name\":\"SKV Ecole de musique traditionnelle \u00e0 Saint Brieuc\",\"description\":\"SKV -  Sonerien ha Kanerien vreizh\",\"potentialAction\":[{\"@type\":\"SearchAction\",\"target\":{\"@type\":\"EntryPoint\",\"urlTemplate\":\"http:\/\/www.skvmusique.org\/?s={search_term_string}\"},\"query-input\":{\"@type\":\"PropertyValueSpecification\",\"valueRequired\":true,\"valueName\":\"search_term_string\"}}],\"inLanguage\":\"fr-FR\"}]}<\/script>\n<!-- \/ Yoast SEO plugin. -->","yoast_head_json":{"title":"Banquet 2016 - SKV Ecole de musique traditionnelle \u00e0 Saint Brieuc","description":"Banquet 2016 Images du 3\u00e8me banquet SKV organis\u00e9 le dimanche 22 mai 2016 \u00e0 Saint Julien (22)","robots":{"index":"index","follow":"follow","max-snippet":"max-snippet:-1","max-image-preview":"max-image-preview:large","max-video-preview":"max-video-preview:-1"},"canonical":"http:\/\/www.skvmusique.org\/index.php\/banquet-2016\/","og_locale":"fr_FR","og_type":"article","og_title":"Images du Banquet 2016 de KV","og_description":"Retrouvez toutes les photos et vid\u00e9os du 3\u00e8me banquet de fin d'ann\u00e9e organis\u00e9 par SKV, \u00e9cole de musique traditionnelle de St Brieuc, le dimanche 22 mai \u00e0 Saint Julien.","og_url":"http:\/\/www.skvmusique.org\/index.php\/banquet-2016\/","og_site_name":"SKV Ecole de musique traditionnelle \u00e0 Saint Brieuc","og_image":[{"url":"http:\/\/skvmusique.org\/wp-content\/uploads\/2016\/06\/DSC03583.jpg","type":"","width":"","height":""}],"twitter_card":"summary_large_image","twitter_misc":{"Dur\u00e9e de lecture estim\u00e9e":"2 minutes"},"schema":{"@context":"https:\/\/schema.org","@graph":[{"@type":"WebPage","@id":"http:\/\/www.skvmusique.org\/index.php\/banquet-2016\/","url":"http:\/\/www.skvmusique.org\/index.php\/banquet-2016\/","name":"Banquet 2016 - SKV Ecole de musique traditionnelle \u00e0 Saint Brieuc","isPartOf":{"@id":"http:\/\/www.skvmusique.org\/#website"},"primaryImageOfPage":{"@id":"http:\/\/www.skvmusique.org\/index.php\/banquet-2016\/#primaryimage"},"image":{"@id":"http:\/\/www.skvmusique.org\/index.php\/banquet-2016\/#primaryimage"},"thumbnailUrl":"http:\/\/skvmusique.org\/wp-content\/uploads\/2016\/06\/DSC03556-300x225.jpg","datePublished":"2016-06-09T20:49:40+00:00","description":"Banquet 2016 Images du 3\u00e8me banquet SKV organis\u00e9 le dimanche 22 mai 2016 \u00e0 Saint Julien (22)","breadcrumb":{"@id":"http:\/\/www.skvmusique.org\/index.php\/banquet-2016\/#breadcrumb"},"inLanguage":"fr-FR","potentialAction":[{"@type":"ReadAction","target":["http:\/\/www.skvmusique.org\/index.php\/banquet-2016\/"]}]},{"@type":"ImageObject","inLanguage":"fr-FR","@id":"http:\/\/www.skvmusique.org\/index.php\/banquet-2016\/#primaryimage","url":"http:\/\/skvmusique.org\/wp-content\/uploads\/2016\/06\/DSC03556-300x225.jpg","contentUrl":"http:\/\/skvmusique.org\/wp-content\/uploads\/2016\/06\/DSC03556-300x225.jpg"},{"@type":"BreadcrumbList","@id":"http:\/\/www.skvmusique.org\/index.php\/banquet-2016\/#breadcrumb","itemListElement":[{"@type":"ListItem","position":1,"name":"Accueil","item":"http:\/\/www.skvmusique.org\/"},{"@type":"ListItem","position":2,"name":"Banquet 2016"}]},{"@type":"WebSite","@id":"http:\/\/www.skvmusique.org\/#website","url":"http:\/\/www.skvmusique.org\/","name":"SKV Ecole de musique traditionnelle \u00e0 Saint Brieuc","description":"SKV -  Sonerien ha Kanerien vreizh","potentialAction":[{"@type":"SearchAction","target":{"@type":"EntryPoint","urlTemplate":"http:\/\/www.skvmusique.org\/?s={search_term_string}"},"query-input":{"@type":"PropertyValueSpecification","valueRequired":true,"valueName":"search_term_string"}}],"inLanguage":"fr-FR"}]}},"_links":{"self":[{"href":"http:\/\/www.skvmusique.org\/index.php\/wp-json\/wp\/v2\/pages\/1063","targetHints":{"allow":["GET"]}}],"collection":[{"href":"http:\/\/www.skvmusique.org\/index.php\/wp-json\/wp\/v2\/pages"}],"about":[{"href":"http:\/\/www.skvmusique.org\/index.php\/wp-json\/wp\/v2\/types\/page"}],"author":[{"embeddable":true,"href":"http:\/\/www.skvmusique.org\/index.php\/wp-json\/wp\/v2\/users\/1"}],"replies":[{"embeddable":true,"href":"http:\/\/www.skvmusique.org\/index.php\/wp-json\/wp\/v2\/comments?post=1063"}],"version-history":[{"count":0,"href":"http:\/\/www.skvmusique.org\/index.php\/wp-json\/wp\/v2\/pages\/1063\/revisions"}],"wp:attachment":[{"href":"http:\/\/www.skvmusique.org\/index.php\/wp-json\/wp\/v2\/media?parent=1063"}],"curies":[{"name":"wp","href":"https:\/\/api.w.org\/{rel}","templated":true}]}}